{"id":312,"date":"2022-10-26T18:45:32","date_gmt":"2022-10-26T18:45:32","guid":{"rendered":"https:\/\/interfilm-deutschland.de\/?page_id=312"},"modified":"2024-05-27T20:54:01","modified_gmt":"2024-05-27T18:54:01","slug":"neuigkeiten","status":"publish","type":"page","link":"https:\/\/interfilm-deutschland.de\/?page_id=312","title":{"rendered":"Neuigkeiten"},"content":{"rendered":"<style id=\"smart_post_show_dynamic_css1259\">#pcp_wrapper-1259:not(.sps-glossary-layout) .sp-pcp-row,#pcp_wrapper-1259 .sps-glossary-items-group .sps-glossary-items-content {margin-right: -10px;margin-left: -10px;}#pcp_wrapper-1259 .sp-pcp-row [class*='sp-pcp-col-'],#pcp_wrapper-1259 .sp-pcp-row .sp-pcp-block-hierarchical{padding-right: 10px;padding-left: 10px; padding-bottom:20px;}.pcp-wrapper-1259 .sp-pcp-title a,.pcp-modal-1259 .sp-pcp-title, .pcp-wrapper-1259 .pcp-collapse-header a{text-align: left;text-transform: none;font-size: 20px;line-height: 24px;letter-spacing: 0px;color: #111;display: inherit;}.pcp-wrapper-1259 .sp-pcp-title, .pcp-modal-1259 .sp-pcp-title {margin: 0px 0px 9px 0px;}.pcp-wrapper-1259 .pcp-collapse-header a{display: inline-block;}.pcp-modal-1259 .sp-pcp-title{text-align: left;color: #111; display: block;}.pcp-wrapper-1259 .sp-pcp-title a:hover,.pcp-wrapper-1259 .pcp-collapse-header:hover a{color: #e1624b;}.pcp-wrapper-1259 .sp-pcp-post-content, .pcp-modal-1259 .sp-pcp-post-content, .pcp-wrapper-1259 .sp-pcp-post-content p, .pcp-modal-1259 .sp-pcp-post-content p{text-align: left;text-transform: none;font-size: 16px;line-height: 20px;letter-spacing: 0px;margin: 0px 0px 17px 0px;color: #444; }.pcp-modal-1259 .sp-pcp-post-content,.pcp-modal-1259 .sp-pcp-post-content p,.pcp-modal-1259 .sp-pcp-post-content * {color: #444;}#pcp_wrapper-1259 .sp-pcp-post ,#pcp_wrapper-1259 .sp-pcp-post td, #pcp_wrapper-1259 .table-responsive th {border: 0px solid #e2e2e2; border-radius:0px;}#pcp_wrapper-1259 .sp-pcp-post{background-color: transparent;}#pcp_wrapper-1259 .sp-pcp-post {padding: 0 0 0 0;}#pcp_wrapper-1259 .sp-pcp-post-details {padding: 0 0 0 0;}#pcp_wrapper-1259 .sp-pcp-post .pcp-post-thumb-wrapper{margin: 0px 0px 11px 0px;}.pcp-modal-1259 .sp-pcp-post .sp-pcp-post-thumb-area {margin: 0px 0px 11px 0px;}#pcp_wrapper-1259 .sp-overlay.sp-pcp-post .pcp-post-thumb-wrapper,#pcp_wrapper-1259 .left-thumb.sp-pcp-post .pcp-post-thumb-wrapper,#pcp_wrapper-1259 .right-thumb.sp-pcp-post .pcp-post-thumb-wrapper,#pcp_wrapper-1259 .sp-pcp-content-box.sp-pcp-post .pcp-post-thumb-wrapper{margin: 0;}#pcp_wrapper-1259 .pcp-post-thumb-wrapper{border: 0px solid #dddddd;border-radius:0px;}.pcp-wrapper-1259 .sp_pcp_cf_list,.pcp-popup-1259 .sp_pcp_cf_list{text-align: left;text-transform: none;font-size: 14px;line-height: 18px;letter-spacing: 0px;color: #888;margin: 0px 0px 15px 0px;}.pcp-popup-1259 .sp_pcp_cf_list{color: #888;}.pcp-wrapper-1259 .sp-pcp-post .pcp-category a,.pcp-wrapper-1259 .sp-pcp-post .sp-pcp-post-meta ul li{margin: 0px 5px 5px 0px;}.pcp-wrapper-1259 .sp-pcp-post-meta li,.pcp-wrapper-1259 td.sp-pcp-post-meta,.pcp-wrapper-1259 .sp-pcp-post-meta ul,.pcp-wrapper-1259 .sp-pcp-post-meta li a,.pcp-popup-1259 .sp-pcp-post-meta ul,.pcp-popup-1259 .sp-pcp-post-meta li,.pcp-popup-1259 .sp-pcp-post-meta li a{text-transform: none;font-size: 14px;line-height: 16px;letter-spacing: 0px;color: #888;}.pcp-popup-1259 .sp-pcp-post-meta ul,.pcp-popup-1259 .sp-pcp-post-meta li,.pcp-popup-1259 .sp-pcp-post-meta li a {color: #888;}.pcp-modal-1259 .sp-pcp-post-meta,.pcp-wrapper-1259 .sp-pcp-post-meta{margin: 0px 0px 9px 0px;text-align: left;}.pcp-wrapper-1259 .sp-pcp-post-meta li a:hover,.pcp-popup-1259 .sp-pcp-post-meta li a:hover{color: #e1624b;}#pcp_wrapper-1259 .sp-pcp-post .sp-pcp-social-share{text-align: left;}.pcp-popup-1259 .sp-pcp-post .sp-pcp-social-share{text-align: left;}#pcp_wrapper-1259 .sp-pcp-post .sp-pcp-social-share,.pcp-popup-1259 .sp-pcp-post .sp-pcp-social-share{margin: 0px 0px 0px 0px;}.pcp-popup-1259 .sp-pcp-post .sp-pcp-social-share a.icon_only .fa,#pcp_wrapper-1259 .sp-pcp-post .sp-pcp-social-share a.icon_only .fa{background: transparent;border: none;}#pcp_wrapper-1259 .pcp-readmore-link{text-transform: uppercase; font-size: 12px; line-height: 18px; letter-spacing: 0px; }#pcp_wrapper-1259 .sp-pcp-readmore{ text-align: left; }#pcp_wrapper-1259 .pcp-readmore-link{ background: transparent; color: #111; border: 1px solid #888; border-radius: 0px; } #pcp_wrapper-1259 .pcp-readmore-link:hover { background-color: #e1624b; color: #fff; border-color: #e1624b; }#pcp_wrapper-1259 .wp-block-columns {display: flex;gap: 1em;}#pcp_wrapper-1259 .wp-block-columns >.wp-block-column{flex-basis: 100%;}@media only screen and (max-width: 576px) {#pcp_wrapper-1259 .wp-block-columns {display: block;}}#pcp_wrapper-1259 .pcp-post-pagination .page-numbers.current, #pcp_wrapper-1259 .pcp-post-pagination a.active , #pcp_wrapper-1259 .pcp-post-pagination a:hover{ color: #5e5e5e; background-color: #ffffff; border-color: #e1624b; }#pcp_wrapper-1259 .pcp-post-pagination,#pcp_wrapper-1259 .pcp-load-more,#pcp_wrapper-1259 .pcp-infinite-scroll-loader{ text-align: left; }#pcp_wrapper-1259 .pcp-post-pagination .page-numbers, .pcp-post-pagination a{ background: #e1624b; color:#ffffff; border: 1px solid #bbbbbb;border-radius: 0px;}#pcp_wrapper-1259 .pcp-load-more button{ background: #e1624b; color: #ffffff; border: 1px solid #bbbbbb; border-radius: 0px; }#pcp_wrapper-1259 .pcp-load-more button:hover{ background: #ffffff; color: #5e5e5e; border: 1px solid #e1624b; cursor: pointer; }#pcp_wrapper-1259 .pcp-filter-bar .pcp-filter-by select{border: 1px solid #bbbbbb;border-radius:2px;}#pcp_wrapper-1259 .pcp-filter-bar .pcp-filter-by select:hover{border-color: #e1624b;}#pcp_wrapper-1259 .pcp-collapse-header{ background-color: #eee;border:none; }#pcp_wrapper-1259 .sp-pcp-single-accordion{ border: 1px solid #ddd;border-radius: 2px; margin-bottom: 20px; }#pcp_wrapper-1259 .ui-corner-top:not(.ui-state-active){ border-radius: 2px;}#pcp_wrapper-1259 .ui-widget-content{ border: none;}#pcp_wrapper-1259 .pcp-collapse-body { border-top:1px solid #ddd; }#pcp_wrapper-1259 .pcp-collapse-header .ui-icon{ font-size: 16px; color: #444; }#pcp_wrapper-1259 .pcp-shuffle-filter .taxonomy-group{ margin: 0px 0px 30px 0px; }#pcp_wrapper-1259 .pcp-shuffle-filter .pcp-button{background: transparent;color: #444444;margin: 0px 8px 8px 0px;border: 2px solid #bbbbbb;font-size: 13px;text-transform: uppercase;letter-spacing: 0px;}#pcp_wrapper-1259 .pcp-shuffle-filter .pcp-button:hover, #pcp_wrapper-1259 .pcp-shuffle-filter .pcp-button.is-active { background: #e1624b; color: #ffffff; border: 2px solid #e1624b; } @media (max-width: 768px) {.pcp-wrapper-1259 .sp-pcp-title a{ font-size: 18px; line-height: 22px; }.pcp-wrapper-1259 .sp-pcp-post-content, .pcp-wrapper-1259 .sp-pcp-post-content p{ font-size: 14px; line-height: 18px; }#pcp_wrapper-1259 .pcp-readmore-link{ font-size: 12px; line-height: 18px; }.pcp-wrapper-1259 .sp-pcp-post-meta li, .pcp-wrapper-1259 .sp-pcp-post-meta li a { font-size: 14px; line-height: 16px; } .pcp-wrapper-1259 .sp_pcp_cf_list{ font-size: 14px; line-height: 18px; } }@media (max-width: 420px) {.pcp-wrapper-1259 .sp-pcp-title a{ font-size: 16px; line-height: 20px; }.pcp-wrapper-1259 .sp-pcp-post-content, .pcp-wrapper-1259 .sp-pcp-post-content p{ font-size: 12px; line-height: 18px; }#pcp_wrapper-1259 .pcp-readmore-link{ font-size: 10px; line-height: 16px; }.pcp-wrapper-1259 .sp-pcp-post-meta li, .pcp-wrapper-1259 .sp-pcp-post-meta li a{ font-size: 12px; line-height: 16px; } .pcp-wrapper-1259 .sp_pcp_cf_list{ font-size: 12px; line-height: 16px; } }#pcp_wrapper-1259 .pcp-table-layout table tbody tr.sp-pcp-post:nth-child(even) { background-color: hsl(0deg 0% 60% \/ 10%);}.sp-pcp-row .sp-pcp-block-6 { flex: 1 1 calc(50% );}@media (min-width: 1200px) { .sp-pcp-row .sp-pcp-col-xl-1 { flex: 1 1 100%; max-width: 100%; } .sp-pcp-row .sp-pcp-col-xl-2 { flex: 1 1 calc(50% ); max-width: calc(50% ); } .sp-pcp-row .sp-pcp-col-xl-3 { flex: 1 1 calc(33.22% ); max-width: calc(33.22% ); } .sp-pcp-row .sp-pcp-col-xl-4 { flex: 1 1 25%; max-width: 25%; } .sp-pcp-row .sp-pcp-col-xl-5 { flex: 1 1 calc(20% ); max-width: calc(20% ); } .sp-pcp-row .sp-pcp-col-xl-6 { flex: 1 1 calc(16.66% ); max-width: calc(16.66% ); } .sp-pcp-row .sp-pcp-col-xl-7 { flex: 1 1 calc(14.285% );max-width: calc(14.285% ); } .sp-pcp-row .sp-pcp-col-xl-8 { flex: 1 1 calc(12.5% );max-width: calc(12.5% ); }}@media (max-width: 1200px) { .sp-pcp-row .sp-pcp-col-lg-1 { flex: 1 1 100%; max-width: 100%; } .sp-pcp-row .sp-pcp-col-lg-2 { flex: 1 1 calc(50% );max-width: calc(50% ); } .sp-pcp-row .sp-pcp-col-lg-3 { flex: 1 1 calc(33.22% ); max-width: calc(33.22% ); } .sp-pcp-row .sp-pcp-col-lg-4 { flex: 1 1 calc(25% ); max-width: calc(25% ); } .sp-pcp-row .sp-pcp-col-lg-5 { flex: 1 1 calc(20% ); max-width: calc(20% ); } .sp-pcp-row .sp-pcp-col-lg-6 { flex: 1 1 calc(16.66% ); max-width: calc(16.66% ); } .sp-pcp-row .sp-pcp-col-lg-7 { flex: 1 1 calc(14.285% ); max-width: calc(14.285% ); } .sp-pcp-row .sp-pcp-col-lg-8 { flex: 1 1 calc(12.5% ); max-width: calc(12.5% ); }}@media (max-width: 992px) { .sp-pcp-row .sp-pcp-col-md-1 { flex: 1 1 100%; max-width: 100%; } .sp-pcp-row .sp-pcp-col-md-2 { flex: 1 1 calc(50% ); max-width: calc(50% ); } .sp-pcp-row .sp-pcp-col-md-2-5 { flex: 1 1 calc(75% ); max-width: calc(75% ); } .sp-pcp-row .sp-pcp-col-md-3 { flex: 1 1 calc(33.22% ); max-width: calc(33.22% ); } .sp-pcp-row .sp-pcp-col-md-4 { flex: 1 1 calc(25% ); max-width: 25%; } .sp-pcp-row .sp-pcp-col-md-5 { flex: 1 1 calc(20% ); max-width: calc(25% ); } .sp-pcp-row .sp-pcp-col-md-6 { flex: 1 1 calc(16.66% ); max-width: calc(16.66% ); } .sp-pcp-row .sp-pcp-col-md-7 { flex: 1 1 calc(14.285% ); max-width: calc(14.285% ); } .sp-pcp-row .sp-pcp-col-md-8 { flex: 1 1 calc(12.5% ); max-width: calc(12.5% ); }}@media (max-width: 768px) { .sp-pcp-row .sp-pcp-col-sm-1 { flex: 1 1 100%; max-width: 100%; } .sp-pcp-row .sp-pcp-col-sm-2 { flex: 1 1 calc(50% ); max-width: calc(50% ); } .sp-pcp-row .sp-pcp-col-sm-2-5 { flex: 1 1 calc(75% ); max-width: calc(75% ); } .sp-pcp-row .sp-pcp-col-sm-3 { flex: 1 1 calc(33.22% ); max-width: calc(33.22% ); } .sp-pcp-row .sp-pcp-col-sm-4 { flex: 1 1 calc(25% ); max-width: calc(25% ); } .sp-pcp-row .sp-pcp-col-sm-5 { flex: 1 1 calc(20% ); max-width: calc(20% ); } .sp-pcp-row .sp-pcp-col-sm-6 { flex: 1 1 calc(16.66% ); max-width: calc(16.66% ); } .sp-pcp-row .sp-pcp-col-sm-7 { flex: 1 1 calc(14.285% ); max-width: calc(14.285% ); } .sp-pcp-row .sp-pcp-col-sm-8 { flex: 1 1 calc(12.5% ); max-width: calc(12.5% ); }}.pcp-post-pagination.pcp-on-mobile { display: none;}@media (max-width: 576px) {.sp-pcp-row .sp-pcp-col-xs-1 { flex: 1 1 100%; max-width: 100%; } .sp-pcp-row .sp-pcp-col-xs-2 { flex: 1 1 calc(50% ); max-width: calc(50% ); } .sp-pcp-row .sp-pcp-col-xs-3 { flex: 1 1 calc(33.22% ); max-width: calc(33.22% ); } .sp-pcp-row .sp-pcp-col-xs-4 { flex: 1 1 calc(25% ); max-width: calc(25% ); } .sp-pcp-row .sp-pcp-col-xs-5 { flex: 1 1 calc(20% ); max-width: calc(20% ); } .sp-pcp-row .sp-pcp-col-xs-6 { flex: 1 1 calc(16.66% ); max-width: calc(16.66% ); } .sp-pcp-row .sp-pcp-col-xs-7 { flex: 1 1 calc(14.285% ); max-width: calc(14.285% ); } .sp-pcp-row .sp-pcp-col-xs-8 { flex: 1 1 calc(12.5% ); max-width: calc(12.5% ); } .pcp-post-pagination.pcp-on-mobile:not(.pcp-hide) { display: block; } .pcp-post-pagination:not(.pcp-on-mobile) { display: none; }}<\/style><div id=\"pcp_wrapper-1259\" class=\"sp-pcp-section sp-pcp-container pcp-wrapper-1259\" data-sid=\"1259\" data-mode=\"all-close\" data-sid=\"1259\" data-pagination=ajax_load_more data-pagination_mobile=infinite_scroll data-sid=1259 data-lang=\"\"><div class=\"sp-pcp-collapse\"><div class=\"sp-pcp-single-accordion\"><h2 class=\"pcp-collapse-header\"><a href=\"https:\/\/interfilm-deutschland.de\/?p=1611\">Auftakt zur neuen Reihe InterFILMgespr\u00e4che: Sabine Horst, verantwortliche Redakteurin von epd Film<\/a><\/h2><div class=\"pcp-collapse-body\"><div class=\"sp-pcp-post left-thumb pcp-item-1611\" data-id=\"1611\"><div class=\"pcp-post-thumb-wrapper\"><div class=\"sp-pcp-post-thumb-area\"><a class=\"sp-pcp-thumb\" aria-label=\"feature_image\" href=\"https:\/\/interfilm-deutschland.de\/?p=1611\" target=\"_self\" ><img data-sps_src=\"https:\/\/interfilm-deutschland.de\/wp-content\/uploads\/2026\/01\/sabine-horst.jpg\" class=\"pcp-lazyload\" width=\"275\" height=\"275\" alt=\"\"><\/a><\/div><\/div><div class=\"sp-pcp-post-details\"><div class=\"sp-pcp-post-meta\"><ul><li class=\"sps-meta-type-author\"><a href=\"https:\/\/interfilm-deutschland.de\/?author=3\" rel=\"author\"><i class=\"fa fa-user\"><\/i> Dirk von Jutrczenka<\/a><\/li> <li class=\"sps-meta-type-date\"><i class=\"fa fa-calendar\"><\/i><time class=\"entry-date published updated\">16.01.2026<\/time><\/li><\/ul><\/div><div class=\"sp-pcp-post-content\"><p>In der neuen Reihe InterFILMgespr\u00e4che erz\u00e4hlt Sabine Horst, verantwortliche Redakteurin der renommierten Filmzeitschrift epd Film, von ihrer Arbeit. Was sind die Aufgaben der Filmkritik, was ist das spezifische Anliegen von...<\/p><div class=\"sp-pcp-readmore\"><a class=\"pcp-readmore-link\" target=\"_self\" href=\"https:\/\/interfilm-deutschland.de\/?p=1611\">Read More <\/a><\/div><\/div><\/div><\/div><\/div><\/div><div class=\"sp-pcp-single-accordion\"><h2 class=\"pcp-collapse-header\"><a href=\"https:\/\/interfilm-deutschland.de\/?p=1594\">Interfilm Ap\u00e9ro 2025 mit Regisseur Stefan Haupt<\/a><\/h2><div class=\"pcp-collapse-body\"><div class=\"sp-pcp-post left-thumb pcp-item-1594\" data-id=\"1594\"><div class=\"pcp-post-thumb-wrapper\"><div class=\"sp-pcp-post-thumb-area\"><a class=\"sp-pcp-thumb\" aria-label=\"feature_image\" href=\"https:\/\/interfilm-deutschland.de\/?p=1594\" target=\"_self\" ><img data-sps_src=\"https:\/\/interfilm-deutschland.de\/wp-content\/uploads\/2025\/11\/Stefan_Haupt_2020.jpg\" class=\"pcp-lazyload\" width=\"500\" height=\"667\" alt=\"\"><\/a><\/div><\/div><div class=\"sp-pcp-post-details\"><div class=\"sp-pcp-post-meta\"><ul><li class=\"sps-meta-type-author\"><a href=\"https:\/\/interfilm-deutschland.de\/?author=3\" rel=\"author\"><i class=\"fa fa-user\"><\/i> Dirk von Jutrczenka<\/a><\/li> <li class=\"sps-meta-type-date\"><i class=\"fa fa-calendar\"><\/i><time class=\"entry-date published updated\">01.11.2025<\/time><\/li><\/ul><\/div><div class=\"sp-pcp-post-content\"><p>Seit einigen Jahren treffen sich Mitglieder und Freund*innen von Interfilm online zum Advents-Ap\u00e9ro, um \u00fcber Entwicklungen kirchlicher Filmarbeit ins Gespr\u00e4ch zu kommen. Das n\u00e4chste Treffen findet am Freitag, 5. Dezember...<\/p><div class=\"sp-pcp-readmore\"><a class=\"pcp-readmore-link\" target=\"_self\" href=\"https:\/\/interfilm-deutschland.de\/?p=1594\">Read More <\/a><\/div><\/div><\/div><\/div><\/div><\/div><div class=\"sp-pcp-single-accordion\"><h2 class=\"pcp-collapse-header\"><a href=\"https:\/\/interfilm-deutschland.de\/?p=1472\">One-Future-Preis 2024 an &#8222;Petra Kelly \u2013 Act Now!&#8220;<\/a><\/h2><div class=\"pcp-collapse-body\"><div class=\"sp-pcp-post left-thumb pcp-item-1472\" data-id=\"1472\"><div class=\"pcp-post-thumb-wrapper\"><div class=\"sp-pcp-post-thumb-area\"><a class=\"sp-pcp-thumb\" aria-label=\"feature_image\" href=\"https:\/\/interfilm-deutschland.de\/?p=1472\" target=\"_self\" ><img data-sps_src=\"https:\/\/interfilm-deutschland.de\/wp-content\/uploads\/2024\/08\/One-Future-Preis-2024-an-Petra-Kelly-\u2013-Act-Now.jpg\" class=\"pcp-lazyload\" width=\"2560\" height=\"1439\" alt=\"\"><\/a><\/div><\/div><div class=\"sp-pcp-post-details\"><div class=\"sp-pcp-post-meta\"><ul><li class=\"sps-meta-type-author\"><a href=\"https:\/\/interfilm-deutschland.de\/?author=2\" rel=\"author\"><i class=\"fa fa-user\"><\/i> Gereon Terhorst<\/a><\/li> <li class=\"sps-meta-type-date\"><i class=\"fa fa-calendar\"><\/i><time class=\"entry-date published updated\">19.08.2024<\/time><\/li><\/ul><\/div><div class=\"sp-pcp-post-content\"><p>Die Menschen unseres Jahrhunderts haben eine einzige unteilbare Zukunft \u2013 One Future. In diesem Sinne zeichnet der One-Future-Preis jedes Jahr einen Film aus dem Programm des Filmfests M\u00fcnchen aus, der...<\/p><div class=\"sp-pcp-readmore\"><a class=\"pcp-readmore-link\" target=\"_self\" href=\"https:\/\/interfilm-deutschland.de\/?p=1472\">Read More <\/a><\/div><\/div><\/div><\/div><\/div><\/div><div class=\"sp-pcp-single-accordion\"><h2 class=\"pcp-collapse-header\"><a href=\"https:\/\/interfilm-deutschland.de\/?p=1438\">70. Internationale Kurzfilmtage Oberhausen<\/a><\/h2><div class=\"pcp-collapse-body\"><div class=\"sp-pcp-post left-thumb pcp-item-1438\" data-id=\"1438\"><div class=\"pcp-post-thumb-wrapper\"><div class=\"sp-pcp-post-thumb-area\"><a class=\"sp-pcp-thumb\" aria-label=\"feature_image\" href=\"https:\/\/interfilm-deutschland.de\/?p=1438\" target=\"_self\" ><img data-sps_src=\"https:\/\/interfilm-deutschland.de\/wp-content\/uploads\/2024\/06\/i-120-scaled.jpeg\" class=\"pcp-lazyload\" width=\"2560\" height=\"1357\" alt=\"\"><\/a><\/div><\/div><div class=\"sp-pcp-post-details\"><div class=\"sp-pcp-post-meta\"><ul><li class=\"sps-meta-type-author\"><a href=\"https:\/\/interfilm-deutschland.de\/?author=3\" rel=\"author\"><i class=\"fa fa-user\"><\/i> Dirk von Jutrczenka<\/a><\/li> <li class=\"sps-meta-type-date\"><i class=\"fa fa-calendar\"><\/i><time class=\"entry-date published updated\">28.06.2024<\/time><\/li><\/ul><\/div><div class=\"sp-pcp-post-content\"><p>01.05.2024&nbsp;bis&nbsp;06.05.2024 <\/p><p>Am 5. Mai 2024 wurden die Preise der 70. Internationalen Kurzfilmtage Oberhausen im Festivalkino Lichtburg vergeben. Die \u00d6kumenische Jury im Internationalen Wettbewerb verlieh ihren Preis an den deutsch-chinesischen Film...<\/p><div class=\"sp-pcp-readmore\"><a class=\"pcp-readmore-link\" target=\"_self\" href=\"https:\/\/interfilm-deutschland.de\/?p=1438\">Read More <\/a><\/div><\/div><\/div><\/div><\/div><\/div><div class=\"sp-pcp-single-accordion\"><h2 class=\"pcp-collapse-header\"><a href=\"https:\/\/interfilm-deutschland.de\/?p=1213\">Kurzfilm \u201eBitte. Danke. Genau\u201c bei Kunstempfang<\/a><\/h2><div class=\"pcp-collapse-body\"><div class=\"sp-pcp-post left-thumb pcp-item-1213\" data-id=\"1213\"><div class=\"pcp-post-thumb-wrapper\"><div class=\"sp-pcp-post-thumb-area\"><a class=\"sp-pcp-thumb\" aria-label=\"feature_image\" href=\"https:\/\/interfilm-deutschland.de\/?p=1213\" target=\"_self\" ><img data-sps_src=\"https:\/\/interfilm-deutschland.de\/wp-content\/uploads\/2024\/05\/Polina1-scaled.jpg\" class=\"pcp-lazyload\" width=\"2560\" height=\"1380\" alt=\"\"><\/a><\/div><\/div><div class=\"sp-pcp-post-details\"><div class=\"sp-pcp-post-meta\"><ul><li class=\"sps-meta-type-author\"><a href=\"https:\/\/interfilm-deutschland.de\/?author=3\" rel=\"author\"><i class=\"fa fa-user\"><\/i> Dirk von Jutrczenka<\/a><\/li> <li class=\"sps-meta-type-date\"><i class=\"fa fa-calendar\"><\/i><time class=\"entry-date published updated\">27.05.2024<\/time><\/li><\/ul><\/div><div class=\"sp-pcp-post-content\"><p>Hannover (epd). Um Fluchterfahrungen ukrainischer Frauen geht es beim diesj\u00e4hrigen Kunstempfang der hannoverschen Landeskirche und der Hanns-Lilje-Stiftung am 4. Juni in der Matth\u00e4uskirche in Hannover. Die ukrainische Filmemacherin Polina Kundirenko...<\/p><div class=\"sp-pcp-readmore\"><a class=\"pcp-readmore-link\" target=\"_self\" href=\"https:\/\/interfilm-deutschland.de\/?p=1213\">Read More <\/a><\/div><\/div><\/div><\/div><\/div><\/div><div class=\"sp-pcp-single-accordion\"><h2 class=\"pcp-collapse-header\"><a href=\"https:\/\/interfilm-deutschland.de\/?p=1090\">Der Prix Interculturel 2023 geht posthum an \u201eThe Boy\u201c<\/a><\/h2><div class=\"pcp-collapse-body\"><div class=\"sp-pcp-post left-thumb pcp-item-1090\" data-id=\"1090\"><div class=\"pcp-post-thumb-wrapper\"><div class=\"sp-pcp-post-thumb-area\"><a class=\"sp-pcp-thumb\" aria-label=\"feature_image\" href=\"https:\/\/interfilm-deutschland.de\/?p=1090\" target=\"_self\" ><img data-sps_src=\"https:\/\/interfilm-deutschland.de\/wp-content\/uploads\/2023\/11\/Prix-Interculturel-2023-Preisverleihung-4-scaled.jpg\" class=\"pcp-lazyload\" width=\"2560\" height=\"1707\" alt=\"\"><\/a><\/div><\/div><div class=\"sp-pcp-post-details\"><div class=\"sp-pcp-post-meta\"><ul><li class=\"sps-meta-type-author\"><a href=\"https:\/\/interfilm-deutschland.de\/?author=2\" rel=\"author\"><i class=\"fa fa-user\"><\/i> Gereon Terhorst<\/a><\/li> <li class=\"sps-meta-type-date\"><i class=\"fa fa-calendar\"><\/i><time class=\"entry-date published updated\">29.11.2023<\/time><\/li><\/ul><\/div><div class=\"sp-pcp-post-content\"><p><em>Foto: Filmschoolfest Munich 2023 PRIX INTERCULTUREL for THE BOY by Yahav winner Closing Award Ceremony 18.11.23 Freiheitshalle M\u00fcnchen (c) by Filmschoolfest Munich 2023. <\/em><\/p><p>Die Interfilm-Akademie vergab im Rahmen des Filmschoolfest...<\/p><div class=\"sp-pcp-readmore\"><a class=\"pcp-readmore-link\" target=\"_self\" href=\"https:\/\/interfilm-deutschland.de\/?p=1090\">Read More <\/a><\/div><\/div><\/div><\/div><\/div><\/div><div class=\"sp-pcp-single-accordion\"><h2 class=\"pcp-collapse-header\"><a href=\"https:\/\/interfilm-deutschland.de\/?p=778\">Ehrenpreis f\u00fcr Regisseur Istv\u00e1n Szab\u00f3 am Locarno Film Festival<\/a><\/h2><div class=\"pcp-collapse-body\"><div class=\"sp-pcp-post left-thumb pcp-item-778\" data-id=\"778\"><div class=\"pcp-post-thumb-wrapper\"><div class=\"sp-pcp-post-thumb-area\"><a class=\"sp-pcp-thumb\" aria-label=\"feature_image\" href=\"https:\/\/interfilm-deutschland.de\/?p=778\" target=\"_self\" ><img data-sps_src=\"https:\/\/interfilm-deutschland.de\/wp-content\/uploads\/2023\/08\/Empfang_4.jpg\" class=\"pcp-lazyload\" width=\"1920\" height=\"824\" alt=\"\"><\/a><\/div><\/div><div class=\"sp-pcp-post-details\"><div class=\"sp-pcp-post-meta\"><ul><li class=\"sps-meta-type-author\"><a href=\"https:\/\/interfilm-deutschland.de\/?author=3\" rel=\"author\"><i class=\"fa fa-user\"><\/i> Dirk von Jutrczenka<\/a><\/li> <li class=\"sps-meta-type-date\"><i class=\"fa fa-calendar\"><\/i><time class=\"entry-date published updated\">10.08.2023<\/time><\/li><\/ul><\/div><div class=\"sp-pcp-post-content\"><p><strong>Foto: <\/strong>Ehrenpreis f\u00fcr Regisseur Istv\u00e1n Szab\u00f3 am Locarno Film Festival, \u00a9 Sarah Stutte <\/p><hr class=\"wp-block-separator has-alpha-channel-opacity is-style-wide\" \/><p>Der Oskar-Preistr\u00e4ger Istv\u00e1n Szab\u00f3 (85) ist zu Gast in Locarno. Am 8. August wurde er mit dem...<\/p><div class=\"sp-pcp-readmore\"><a class=\"pcp-readmore-link\" target=\"_self\" href=\"https:\/\/interfilm-deutschland.de\/?p=778\">Read More <\/a><\/div><\/div><\/div><\/div><\/div><\/div><div class=\"sp-pcp-single-accordion\"><h2 class=\"pcp-collapse-header\"><a href=\"https:\/\/interfilm-deutschland.de\/?p=484\">T\u00f3tem gewinnt \u00f6kumenischen Filmpreis auf der Berlinale<\/a><\/h2><div class=\"pcp-collapse-body\"><div class=\"sp-pcp-post left-thumb pcp-item-484\" data-id=\"484\"><div class=\"pcp-post-thumb-wrapper\"><div class=\"sp-pcp-post-thumb-area\"><a class=\"sp-pcp-thumb\" aria-label=\"feature_image\" href=\"https:\/\/interfilm-deutschland.de\/?p=484\" target=\"_self\" ><img data-sps_src=\"https:\/\/interfilm-deutschland.de\/wp-content\/uploads\/2023\/03\/i-120.jpeg\" class=\"pcp-lazyload\" width=\"630\" height=\"335\" alt=\"\"><\/a><\/div><\/div><div class=\"sp-pcp-post-details\"><div class=\"sp-pcp-post-meta\"><ul><li class=\"sps-meta-type-author\"><a href=\"https:\/\/interfilm-deutschland.de\/?author=1\" rel=\"author\"><i class=\"fa fa-user\"><\/i> admin<\/a><\/li> <li class=\"sps-meta-type-date\"><i class=\"fa fa-calendar\"><\/i><time class=\"entry-date published updated\">10.03.2023<\/time><\/li><\/ul><\/div><div class=\"sp-pcp-post-content\"><p><strong>Foto: <\/strong><em>Die \u00d6kumenische Jury der Berlinale 2023 bei der Preisverleihung, mit den Preistr\u00e4gern Lila Avil\u00e8s und Nicolas Philibert (vorne links; \u00a9 Dietmar Adler) <\/em><\/p><hr class=\"wp-block-separator has-alpha-channel-opacity is-style-wide\" \/><p>Die \u00d6kumenische Jury bei der Berlinale 2023...<\/p><div class=\"sp-pcp-readmore\"><a class=\"pcp-readmore-link\" target=\"_self\" href=\"https:\/\/interfilm-deutschland.de\/?p=484\">Read More <\/a><\/div><\/div><\/div><\/div><\/div><\/div><div class=\"sp-pcp-single-accordion\"><h2 class=\"pcp-collapse-header\"><a href=\"https:\/\/interfilm-deutschland.de\/?p=463\">Die Kairo Verschw\u00f6rung (Boy from Heaven) gewinnt \u00f6kumenischen Filmpreis in L\u00fcbeck.<\/a><\/h2><div class=\"pcp-collapse-body\"><div class=\"sp-pcp-post left-thumb pcp-item-463\" data-id=\"463\"><div class=\"pcp-post-thumb-wrapper\"><div class=\"sp-pcp-post-thumb-area\"><a class=\"sp-pcp-thumb\" aria-label=\"feature_image\" href=\"https:\/\/interfilm-deutschland.de\/?p=463\" target=\"_self\" ><img data-sps_src=\"https:\/\/interfilm-deutschland.de\/wp-content\/uploads\/2023\/01\/Jury-und-Fesdtivalleitung-Lubeck-2022-scaled.jpg\" class=\"pcp-lazyload\" width=\"2560\" height=\"1704\" alt=\"\"><\/a><\/div><\/div><div class=\"sp-pcp-post-details\"><div class=\"sp-pcp-post-meta\"><ul><li class=\"sps-meta-type-author\"><a href=\"https:\/\/interfilm-deutschland.de\/?author=1\" rel=\"author\"><i class=\"fa fa-user\"><\/i> admin<\/a><\/li> <li class=\"sps-meta-type-date\"><i class=\"fa fa-calendar\"><\/i><time class=\"entry-date published updated\">21.01.2023<\/time><\/li><\/ul><\/div><div class=\"sp-pcp-post-content\"><p>Die INTERFILM-Jury verleiht den mit 5000 \u20ac vom Evangelischen Kirchenkreis L\u00fcbeck-Lauenburg dotierten Kirchlichen Filmpreis an <strong>Walad Min Al Janna | Boy From Heaven <\/strong>von Tarik Saleh (Schweden, Frankreich, Finnland, Marokko,...<\/p><div class=\"sp-pcp-readmore\"><a class=\"pcp-readmore-link\" target=\"_self\" href=\"https:\/\/interfilm-deutschland.de\/?p=463\">Read More <\/a><\/div><\/div><\/div><\/div><\/div><\/div><div class=\"sp-pcp-single-accordion\"><h2 class=\"pcp-collapse-header\"><a href=\"https:\/\/interfilm-deutschland.de\/?p=459\">&#8222;Valeria Is Getting Married&#8220; gewinnt \u00f6kumenischen Preis beim Filmfestival Mannheim-Heidelberg<\/a><\/h2><div class=\"pcp-collapse-body\"><div class=\"sp-pcp-post left-thumb pcp-item-459\" data-id=\"459\"><div class=\"pcp-post-thumb-wrapper\"><div class=\"sp-pcp-post-thumb-area\"><a class=\"sp-pcp-thumb\" aria-label=\"feature_image\" href=\"https:\/\/interfilm-deutschland.de\/?p=459\" target=\"_self\" ><img data-sps_src=\"https:\/\/interfilm-deutschland.de\/wp-content\/uploads\/sps-placeholder.png\" class=\"pcp-lazyload\" width=\"600\" height=\"450\" alt=\"\"><\/a><\/div><\/div><div class=\"sp-pcp-post-details\"><div class=\"sp-pcp-post-meta\"><ul><li class=\"sps-meta-type-author\"><a href=\"https:\/\/interfilm-deutschland.de\/?author=1\" rel=\"author\"><i class=\"fa fa-user\"><\/i> admin<\/a><\/li> <li class=\"sps-meta-type-date\"><i class=\"fa fa-calendar\"><\/i><time class=\"entry-date published updated\">21.01.2023<\/time><\/li><\/ul><\/div><div class=\"sp-pcp-post-content\"><p>Die \u00d6kumenische Jury beim Internationalen Filmfestival Mannheim-Heidelberg 2022 verlieh ihren mit 2.500 \u20ac dotierten Preis an die israelisch-ukrainische Koproduktion \"Valeria Is Getting Married\" von Michal Vinik und eine Lobende Erw\u00e4hnung...<\/p><div class=\"sp-pcp-readmore\"><a class=\"pcp-readmore-link\" target=\"_self\" href=\"https:\/\/interfilm-deutschland.de\/?p=459\">Read More <\/a><\/div><\/div><\/div><\/div><\/div><\/div><\/div><span class=\"sp-pcp-pagination-data\" style=\"display:none;\" data-loadmoretext=\"Weitere Beitr\u00e4ge laden\" data-endingtext=\"Keine weiteren Beitr\u00e4ge vorhanden\"><\/span><nav class=\"pcp-post-pagination pcp-on-desktop ajax_load_more\"><a href=\"#\" class=\"page-numbers active\" data-page=\"1\">1<\/a><a href=\"#\" class=\"page-numbers \" data-page=\"2\">2<\/a><\/nav><nav class=\"pcp-post-pagination pcp-on-mobile infinite_scroll\"><a href=\"#\" class=\"page-numbers active\" data-page=\"1\">1<\/a><a href=\"#\" class=\"page-numbers \" data-page=\"2\">2<\/a><\/nav><\/div>\n","protected":false},"excerpt":{"rendered":"","protected":false},"author":1,"featured_media":0,"parent":0,"menu_order":0,"comment_status":"closed","ping_status":"closed","template":"","meta":{"_acf_changed":false,"footnotes":""},"class_list":["post-312","page","type-page","status-publish","hentry"],"acf":[],"publishpress_future_action":{"enabled":false,"date":"2026-05-05 16:57:41","action":"change-status","newStatus":"draft","terms":[],"taxonomy":"","extraData":[]},"publishpress_future_workflow_manual_trigger":{"enabledWorkflows":[]},"_links":{"self":[{"href":"https:\/\/interfilm-deutschland.de\/index.php?rest_route=\/wp\/v2\/pages\/312","targetHints":{"allow":["GET"]}}],"collection":[{"href":"https:\/\/interfilm-deutschland.de\/index.php?rest_route=\/wp\/v2\/pages"}],"about":[{"href":"https:\/\/interfilm-deutschland.de\/index.php?rest_route=\/wp\/v2\/types\/page"}],"author":[{"embeddable":true,"href":"https:\/\/interfilm-deutschland.de\/index.php?rest_route=\/wp\/v2\/users\/1"}],"replies":[{"embeddable":true,"href":"https:\/\/interfilm-deutschland.de\/index.php?rest_route=%2Fwp%2Fv2%2Fcomments&post=312"}],"version-history":[{"count":7,"href":"https:\/\/interfilm-deutschland.de\/index.php?rest_route=\/wp\/v2\/pages\/312\/revisions"}],"predecessor-version":[{"id":1260,"href":"https:\/\/interfilm-deutschland.de\/index.php?rest_route=\/wp\/v2\/pages\/312\/revisions\/1260"}],"wp:attachment":[{"href":"https:\/\/interfilm-deutschland.de\/index.php?rest_route=%2Fwp%2Fv2%2Fmedia&parent=312"}],"curies":[{"name":"wp","href":"https:\/\/api.w.org\/{rel}","templated":true}]}}